{"id":5043,"date":"2021-09-09T20:49:54","date_gmt":"2021-09-09T20:49:54","guid":{"rendered":"https:\/\/www.romania-immigration.com\/?page_id=5043"},"modified":"2021-09-09T22:53:30","modified_gmt":"2021-09-09T22:53:30","slug":"permanent-residency","status":"publish","type":"page","link":"https:\/\/www.romania-immigration.com\/ro\/rezidenta-permanenta\/","title":{"rendered":"Reziden\u021b\u0103 permanent\u0103"},"content":{"rendered":"<div data-elementor-type=\"wp-page\" data-elementor-id=\"5043\" class=\"elementor elementor-5043\" data-elementor-post-type=\"page\">\n\t\t\t\t\t\t<section class=\"elementor-section elementor-top-section elementor-element elementor-element-dbe33f4 elementor-section-boxed elementor-section-height-default elementor-section-height-default\" data-id=\"dbe33f4\" data-element_type=\"section\">\n\t\t\t\t\t\t<div class=\"elementor-container elementor-column-gap-default\">\n\t\t\t\t\t<div class=\"elementor-column elementor-col-100 elementor-top-column elementor-element elementor-element-d1c477c\" data-id=\"d1c477c\" data-element_type=\"column\">\n\t\t\t<div class=\"elementor-widget-wrap elementor-element-populated\">\n\t\t\t\t\t\t<div class=\"elementor-element elementor-element-9e5beb9 elementor-widget elementor-widget-html\" data-id=\"9e5beb9\" data-element_type=\"widget\" data-widget_type=\"html.default\">\n\t\t\t\t<div class=\"elementor-widget-container\">\n\t\t\t\t\t<div class=\"elementor-section-wrap\">\n\t\t\t\t\t        <section class=\"elementor-section elementor-top-section elementor-element elementor-element-4881fb50 elementor-section-boxed elementor-section-height-default elementor-section-height-default\" data-id=\"4881fb50\" data-element_type=\"section\">\n            \n                        <div class=\"elementor-container elementor-column-gap-extended\">\n                    <div class=\"elementor-column elementor-col-100 elementor-top-column elementor-element elementor-element-60f5cf44\" data-id=\"60f5cf44\" data-element_type=\"column\">\n            <div class=\"elementor-widget-wrap elementor-element-populated\">\n                        \t\t<div class=\"elementor-element elementor-element-521bd50 elementor-widget elementor-widget-image\" data-id=\"521bd50\" data-element_type=\"widget\" data-widget_type=\"image.default\">\n\t\t\t\t<div class=\"elementor-widget-container\">\n\t\t\t\t\t\t\t\t\t\t\t\t\t\t\t<img decoding=\"async\" src=\"https:\/\/www.romania-immigration.com\/wp-content\/uploads\/elementor\/thumbs\/permanent-residency-pcsz8smiery4yib83t27n5cbjl66focspt460kmpyg.jpg\" title=\"permanent-residency\" alt=\"permanent-residency\">\t\t\t\t\t\t\t\t\t\t\t\t\t\t\t<\/div>\n\t\t\t\t<\/div>\n\t\t\t\t<div class=\"elementor-element elementor-element-c12e46f elementor-widget elementor-widget-ct_fancy_box\" data-id=\"c12e46f\" data-element_type=\"widget\" data-widget_type=\"ct_fancy_box.default\">\n\t\t\t\t<div class=\"elementor-widget-container\">\n\t\t\t<div class=\"ct-fancy-box ct-fancy-box-layout14\" data-wow-delay=\"ms\">\n            <div class=\"item--icon\">\n            <i aria-hidden=\"true\" class=\"material zmdi zmdi-info-outline\"><\/i>        <\/div>\n            <div class=\"item--holder\">\n        <h3 class=\"item--title\">\n            Consultan\u021b\u0103 \u0219i asisten\u021b\u0103        <\/h3>\n        <div class=\"item--description\">\n\nAve\u021bi o intrebare?\nSuna\u021bi-ne acum pentru a stabili un program.\n\nProgram de lucru\nDe luni p\u00e2n\u0103 vineri: 10:00 - 17:00\n\n(004) 723 32 94 01<\/div>\n    <\/div>\n            <a class=\"item-link\" href=\"#\"><\/a>\n    <\/div>\t\t<\/div>\n\t\t\t\t<\/div>\n\t\t\t\t<div class=\"elementor-element elementor-element-5bf474db elementor-widget elementor-widget-text-editor\" data-id=\"5bf474db\" data-element_type=\"widget\" data-widget_type=\"text-editor.default\">\n\t\t\t\t<div class=\"elementor-widget-container\">\n\t\t\t\t\t\t\t<div style=\"text-align: justify;\"><span style=\"color: #ff0000;\"><strong><span style=\"font-family: tahoma, arial, helvetica, sans-serif; font-size: 12pt;\">Ce este reziden\u021ba permanent\u0103?<\/span><\/strong><\/span><\/div>\n<div style=\"text-align: justify;\"><span style=\"font-family: tahoma, arial, helvetica, sans-serif; font-size: 12pt;\">De\u0219i numele v\u0103 poate determina s\u0103 v\u0103 g\u00e2ndi\u021bi la un drept f\u0103r\u0103 constr\u00e2ngeri de timp, acest tip de reziden\u021b\u0103 nu este deloc \u201epermanent\u201d.<\/span><br><span style=\"font-family: tahoma, arial, helvetica, sans-serif; font-size: 12pt;\"> Reziden\u021ba permanent\u0103 este dreptul oferit cet\u0103\u021benilor str\u0103ini de a locui \u0219i de a lucra \u00een Rom\u00e2nia, \u00een baza unui permis de \u0219edere eliberat de Inspectoratul de Stat pentru Imigr\u0103ri (IGI), valabil 10 ani pentru cet\u0103\u021benii UE \u0219i membrii de familie ai cet\u0103\u021benilor non-UE, respectiv 5 ani pentru cet\u0103\u021benii non-UE. La expirarea acestei perioade va trebui s\u0103 solicita\u021bi un nou permis, acesta nu este eliberat automat.<\/span><\/div>\n<div>&nbsp;<\/div>\n<div style=\"text-align: justify;\"><span style=\"font-family: tahoma, arial, helvetica, sans-serif; font-size: 12pt;\"><span style=\"color: #ff0000;\"><strong>Cine poate ob\u021bine reziden\u021ba permanent\u0103 \u00een Rom\u00e2nia?<\/strong><\/span><\/span><\/div>\n<div style=\"text-align: justify;\"><span style=\"font-family: tahoma, arial, helvetica, sans-serif; font-size: 12pt;\">Pute\u021bi solicita reziden\u021ba permanent\u0103 dac\u0103 a\u021bi locuit \u00een Rom\u00e2nia cel pu\u021bin 5 ani \u00een mod legal, ne\u00eentrerupt \u0219i vorbi\u021bi rom\u00e2ne\u0219te. Cu toate acestea, cet\u0103\u021benii UE nu sunt testa\u021bi pentru cunoa\u0219terea limbii rom\u00e2ne.<\/span><\/div>\n<div>&nbsp;<\/div>\n<div style=\"text-align: justify;\"><span style=\"color: #ff0000;\"><strong><span style=\"font-family: tahoma, arial, helvetica, sans-serif; font-size: 12pt;\">Ce presupune \u201ereziden\u021ba legal\u0103\u201d?<\/span><\/strong><\/span><\/div>\n<div style=\"text-align: justify;\"><span style=\"font-family: tahoma, arial, helvetica, sans-serif; font-size: 12pt;\">\u0218ederea dvs. este legal\u0103 dac\u0103 autorit\u0103\u021bile nu au luat m\u0103suri \u00eempotriva dvs. pentru a v\u0103 scoate de pe teritoriul Rom\u00e2niei sau pentru a v\u0103 restr\u00e2nge dreptul la liber\u0103 circula\u021bie.<\/span><\/div>\n<p><span style=\"font-family: tahoma, arial, helvetica, sans-serif; font-size: 12pt;\">Exemplu: Dac\u0103 a\u021bi fost expulzat din Rom\u00e2nia pentru c\u0103 a\u021bi comis infrac\u021biuni \u00eempotriva statului sau dac\u0103 autorit\u0103\u021bile rom\u00e2ne consider\u0103 c\u0103 reprezenta\u021bi un risc pentru securitatea na\u021bional\u0103, nu ve\u021bi ob\u021bine un permis de \u0219edere rom\u00e2nesc chiar dac\u0103 a\u021bi locuit \u00een Rom\u00e2nia de mai bine de 5 ani .<\/span><br><span style=\"font-family: tahoma, arial, helvetica, sans-serif; font-size: 12pt;\"> Nu orice contraven\u021bie sau infrac\u021biune v\u0103 face automat s\u0103 v\u0103 pierde\u021bi dreptul de \u0219edere, ci doar cele considerate cu adev\u0103rat periculoase. Dac\u0103, de exemplu, a\u021bi primit un bilet de vitez\u0103, nu \u00eenseamn\u0103 automat c\u0103 \u0219ederea dvs. \u00een Rom\u00e2nia este \u00een sine ilegal\u0103 \u0219i pierde\u021bi dreptul la un permis de \u0219edere.<\/span><br><span style=\"font-family: tahoma, arial, helvetica, sans-serif; font-size: 12pt;\"> Cu toate acestea, v\u0103 recomand\u0103m \u00een toate cazurile respectarea legisla\u021biei rom\u00e2ne\u0219ti \u0219i europene pe tot parcursul \u0219ederii dvs. \u00een Rom\u00e2nia.<\/span><\/p>\n<div style=\"text-align: justify;\"><span style=\"color: #ff0000;\"><strong><span style=\"font-family: tahoma, arial, helvetica, sans-serif; font-size: 12pt;\">Ce \u00eenseamn\u0103 reziden\u021ba continu\u0103?<\/span><\/strong><\/span><\/div>\n<div style=\"text-align: justify;\"><span style=\"font-family: tahoma, arial, helvetica, sans-serif; font-size: 12pt;\">\u0218ederea dvs. este continu\u0103 dac\u0103 nu a\u021bi p\u0103r\u0103sit Rom\u00e2nia pentru perioade mai mari de 6 luni pe parcursul unui an calendaristic \u0219i nu lipsesc perioade \u00eentre permisele de \u0219edere (certificate de \u00eenregistrare cu CNP).<\/span><\/div>\n<div style=\"text-align: justify;\"><br><span style=\"font-family: tahoma, arial, helvetica, sans-serif; font-size: 12pt;\"> Exemplu: Dac\u0103 din iunie 2015 p\u00e2n\u0103 \u00een mai 2016 a\u021bi p\u0103r\u0103sit Rom\u00e2nia pentru mai multe concedii, acumul\u00e2nd mai mult de 6 luni \u00een total, nu v\u0103 ve\u021bi califica pentru reziden\u021b\u0103 permanent\u0103.<\/span><\/div>\n<div style=\"text-align: justify;\"><br><span style=\"color: #ff0000;\"><strong><span style=\"font-family: tahoma, arial, helvetica, sans-serif; font-size: 12pt;\"> Nu lua\u021bi \u00een considerare \u00eentreruperea:<\/span><\/strong><\/span><br><span style=\"font-family: tahoma, arial, helvetica, sans-serif; font-size: 12pt;\"> \u00a7 absen\u021ba pentru serviciul militar obligatoriu<\/span><br><span style=\"font-family: tahoma, arial, helvetica, sans-serif; font-size: 12pt;\"> \u00a7 absen\u021ba din cauza sarcinii sau na\u0219terii, din cauza unei boli grave<\/span><br><span style=\"font-family: tahoma, arial, helvetica, sans-serif; font-size: 12pt;\"> \u00a7 participarea la programe educa\u021bionale, formare profesional\u0103 sau mutarea \u00een interes de serviciu pentru maximum 12 luni consecutive.<\/span><\/div>\n<p><br><span style=\"font-family: tahoma, arial, helvetica, sans-serif; font-size: 12pt;\"> Exemplu: Dac\u0103 a\u021bi p\u0103r\u0103sit Rom\u00e2nia timp de 7 luni ca soldat voluntar, la \u00eentoarcere va trebui s\u0103 a\u0219tepta\u021bi \u00eenc\u0103 5 ani pentru a ob\u021bine reziden\u021ba permanent\u0103.<\/span><\/p>\n<div><span style=\"color: #ff0000;\"><strong><span style=\"font-family: tahoma, arial, helvetica, sans-serif; font-size: 12pt;\">Unde depun dosarul pentru ob\u021binerea reziden\u021bei?<\/span><\/strong><\/span><\/div>\n<div style=\"text-align: justify;\"><span style=\"font-family: tahoma, arial, helvetica, sans-serif; font-size: 12pt;\">Va trebui s\u0103 depune\u021bi dosarul pentru ob\u021binerea reziden\u021bei la biroul IGI (Inspectoratul General pentru Imigr\u0103ri) din jude\u021bul \u00een care locui\u021bi legal.<\/span><\/div>\n<div style=\"text-align: justify;\"><br><span style=\"font-family: tahoma, arial, helvetica, sans-serif; font-size: 12pt;\"> Exemplu: dac\u0103 a\u021bi ob\u021binut un permis de \u0219edere \u00een Bucure\u0219ti, locui\u021bi efectiv \u00een Bra\u0219ov, va trebui s\u0103 depune\u021bi dosarul pentru ob\u021binerea reziden\u021bei permanente \u00een Bucure\u0219ti.<\/span><\/div>\n<div>&nbsp;<\/div>\n<div style=\"text-align: justify;\"><span style=\"color: #ff0000;\"><strong><span style=\"font-family: tahoma, arial, helvetica, sans-serif; font-size: 12pt;\">Pot pierde dreptul de \u0219edere permanent\u0103 odat\u0103 ob\u021binut?<\/span><\/strong><\/span><\/div>\n<div style=\"text-align: justify;\"><span style=\"font-family: tahoma, arial, helvetica, sans-serif; font-size: 12pt;\">Da, pute\u021bi pierde statutul de rezident permanent dac\u0103 p\u0103r\u0103si\u021bi teritoriul Rom\u00e2niei mai mult de 12 luni consecutive.<\/span><\/div>\n<div style=\"text-align: justify;\"><span style=\"font-family: tahoma, arial, helvetica, sans-serif; font-size: 12pt;\">Care este diferen\u021ba dintre reziden\u021ba temporar\u0103 \u0219i reziden\u021ba permanent\u0103?<\/span><\/div>\n<div>&nbsp;<\/div>\n<div style=\"text-align: justify;\"><span style=\"font-family: tahoma, arial, helvetica, sans-serif; font-size: 12pt;\">\u0218ederea temporar\u0103 (ob\u021binerea certificatului de \u00eenregistrare cu CNP) este oferit\u0103 cet\u0103\u021benilor str\u0103ini care \u00eendeplinesc condi\u021biile legale, chiar dac\u0103 nu au locuit niciodat\u0103 \u00een Rom\u00e2nia \u0219i este valabil\u0103 \u00eentre 1 an \u0219i 5 ani, dup\u0103 caz.<\/span><\/div>\n<br>\n<div style=\"text-align: justify;\"><span style=\"font-size: 12pt;\"><strong><span style=\"font-family: tahoma, arial, helvetica, sans-serif; color: #ff0000;\">Prin compara\u021bie, reziden\u021ba permanent\u0103 este oferit\u0103 cet\u0103\u021benilor str\u0103ini numai dup\u0103 o perioad\u0103 de 5 ani de reziden\u021b\u0103 temporar\u0103 \u0219i este valabil\u0103 timp de 10 ani. Reziden\u021ba permanent\u0103 este, \u00een general, o situa\u021bie intermediar\u0103 \u00eentre dreptul de \u0219edere temporar\u0103 \u0219i cet\u0103\u021benia rom\u00e2n\u0103, deoarece rezidentul permanent se bucur\u0103 de multe dintre drepturile oferite cet\u0103\u021benilor rom\u00e2ni.<\/span><\/strong><\/span><\/div>\t\t\t\t\t\t<\/div>\n\t\t\t\t<\/div>\n\t\t            <\/div>\n        <\/div>\n                            <\/div>\n        <\/section>\n                <section class=\"elementor-section elementor-top-section elementor-element elementor-element-3a78cb00 elementor-section-boxed elementor-section-height-default elementor-section-height-default\" data-id=\"3a78cb00\" data-element_type=\"section\">\n            \n                        <div class=\"elementor-container elementor-column-gap-extended\">\n                    <div class=\"elementor-column elementor-col-100 elementor-top-column elementor-element elementor-element-62a925c4\" data-id=\"62a925c4\" data-element_type=\"column\">\n            <div class=\"elementor-widget-wrap\">\n                                    <\/div>\n        <\/div>\n                            <\/div>\n        <\/section>\n        \t\t\t\t<\/div>\t\t\t\t<\/div>\n\t\t\t\t<\/div>\n\t\t\t\t\t<\/div>\n\t\t<\/div>\n\t\t\t\t\t<\/div>\n\t\t<\/section>\n\t\t\t\t<\/div>","protected":false},"excerpt":{"rendered":"<p>Consultancy and assistance Do you have a question? Call us now to set a schedule. Work program Monday to Friday: 10:00 am \u2013 5:00 pm (004) 723 32 94 01 What is permanent residency? Although the name may lead you to think of a right without time constraints, this type of residency is not \u201cpermanent\u201d [&hellip;]<\/p>","protected":false},"author":1,"featured_media":0,"parent":0,"menu_order":0,"comment_status":"closed","ping_status":"closed","template":"","meta":{"footnotes":""},"class_list":["post-5043","page","type-page","status-publish","hentry"],"_links":{"self":[{"href":"https:\/\/www.romania-immigration.com\/ro\/wp-json\/wp\/v2\/pages\/5043","targetHints":{"allow":["GET"]}}],"collection":[{"href":"https:\/\/www.romania-immigration.com\/ro\/wp-json\/wp\/v2\/pages"}],"about":[{"href":"https:\/\/www.romania-immigration.com\/ro\/wp-json\/wp\/v2\/types\/page"}],"author":[{"embeddable":true,"href":"https:\/\/www.romania-immigration.com\/ro\/wp-json\/wp\/v2\/users\/1"}],"replies":[{"embeddable":true,"href":"https:\/\/www.romania-immigration.com\/ro\/wp-json\/wp\/v2\/comments?post=5043"}],"version-history":[{"count":11,"href":"https:\/\/www.romania-immigration.com\/ro\/wp-json\/wp\/v2\/pages\/5043\/revisions"}],"predecessor-version":[{"id":5111,"href":"https:\/\/www.romania-immigration.com\/ro\/wp-json\/wp\/v2\/pages\/5043\/revisions\/5111"}],"wp:attachment":[{"href":"https:\/\/www.romania-immigration.com\/ro\/wp-json\/wp\/v2\/media?parent=5043"}],"curies":[{"name":"wp","href":"https:\/\/api.w.org\/{rel}","templated":true}]}}